{"id":3414,"date":"2016-01-21T14:28:44","date_gmt":"2016-01-21T13:28:44","guid":{"rendered":"http:\/\/www.diwald.one\/?page_id=3414"},"modified":"2026-02-24T14:43:37","modified_gmt":"2026-02-24T13:43:37","slug":"martin-ulli-diwald","status":"publish","type":"page","link":"https:\/\/www.weingut-diwald.at\/de\/home\/","title":{"rendered":"Martin &#038; Ulli Diwald"},"content":{"rendered":"<div id='av_section_1'  class='avia-section av-wcb5ja-185ff54fa1dbacc0d2a4344e6fc36872 main_color avia-section-small avia-no-border-styling  avia-builder-el-0  el_before_av_one_full  avia-builder-el-first  avia-bg-style-scroll container_wrap fullsize'  ><div class='container av-section-cont-open' ><main  role=\"main\" itemprop=\"mainContentOfPage\"  class='template-page content  av-content-full alpha units'><div class='post-entry post-entry-type-page post-entry-3414'><div class='entry-content-wrapper clearfix'>\n<section  class='av_textblock_section av-lu8jzqgk-a98529006cf7148863a4e39bffa710d6 '   itemscope=\"itemscope\" itemtype=\"https:\/\/schema.org\/CreativeWork\" ><div class='avia_textblock'  itemprop=\"text\" ><p style=\"text-align: center;\"><em>\u201eEs muss der Hof eine eigene <strong>Atmosph\u00e4re<\/strong> entwickeln, wo es dem Winzer, seiner Familie und den <strong>Menschen,<\/strong> die dort leben und arbeiten, den <strong>Tieren<\/strong> im Haus, dem <strong>Rebstock<\/strong> im Weingarten und dem <strong>Regenwurm<\/strong> unter dem Weinstock gut geht. <strong>Wo es allen gut geht <\/strong>&#8211; und es ist eine Illusion zu glauben, dass, wenn einer leidet, nicht alle anderen davon betroffen sind.\u201c<\/em><\/p>\n<p style=\"text-align: right;\"><em>(Lebensphilosophie von Hans Diwald)<\/em><\/p>\n<\/div><\/section>\n<div  class='avia-slideshow av-lvwnfrza-334383356993b2592e3181072cf89b8c avia-slideshow-no scaling av_slideshow avia-slide-slider  avia-builder-el-2  el_after_av_textblock  avia-builder-el-last  av-slideshow-ui av-control-default av-slideshow-manual av-loop-once av-loop-manual-endless av-default-height-applied avia-slideshow-1' data-slideshow-options=\"{&quot;animation&quot;:&quot;slide&quot;,&quot;autoplay&quot;:false,&quot;loop_autoplay&quot;:&quot;once&quot;,&quot;interval&quot;:5,&quot;loop_manual&quot;:&quot;manual-endless&quot;,&quot;autoplay_stopper&quot;:false,&quot;noNavigation&quot;:false,&quot;bg_slider&quot;:false,&quot;keep_padding&quot;:false,&quot;hoverpause&quot;:false,&quot;show_slide_delay&quot;:0}\"  itemprop=\"image\" itemscope=\"itemscope\" itemtype=\"https:\/\/schema.org\/ImageObject\" ><ul class='avia-slideshow-inner ' style='padding-bottom: 57.6%;'><li  class='avia-slideshow-slide av-lvwnfrza-334383356993b2592e3181072cf89b8c__0  slide-1 slide-odd'><div data-rel='slideshow-1' class='avia-slide-wrap '   ><img decoding=\"async\" fetchpriority=\"high\" class=\"wp-image-498 avia-img-lazy-loading-not-498\"  src=\"https:\/\/www.weingut-diwald.at\/wp-content\/uploads\/2015\/12\/Bioweingut_Diwald_Weinberg.jpg\" width=\"1000\" height=\"576\" title='Bioweingut_Diwald_Weinberg' alt='Bio Weingut Martin &amp; Ulli Diwald'  itemprop=\"thumbnailUrl\" srcset=\"https:\/\/www.weingut-diwald.at\/wp-content\/uploads\/2015\/12\/Bioweingut_Diwald_Weinberg.jpg 1000w, https:\/\/www.weingut-diwald.at\/wp-content\/uploads\/2015\/12\/Bioweingut_Diwald_Weinberg-300x173.jpg 300w, https:\/\/www.weingut-diwald.at\/wp-content\/uploads\/2015\/12\/Bioweingut_Diwald_Weinberg-705x406.jpg 705w, https:\/\/www.weingut-diwald.at\/wp-content\/uploads\/2015\/12\/Bioweingut_Diwald_Weinberg-450x259.jpg 450w\" sizes=\"(max-width: 1000px) 100vw, 1000px\" \/><\/div><\/li><li  class='avia-slideshow-slide av-lvwnfrza-334383356993b2592e3181072cf89b8c__1  slide-2 slide-even'><div data-rel='slideshow-1' class='avia-slide-wrap '   ><img decoding=\"async\" fetchpriority=\"high\" class=\"wp-image-492 avia-img-lazy-loading-not-492\"  src=\"https:\/\/www.weingut-diwald.at\/wp-content\/uploads\/2015\/12\/Bioweingut_Diwald_Keller.jpg\" width=\"1000\" height=\"576\" title='Bioweingut Diwald Weinkeller' alt='Bioweingut_Diwald_Keller'  itemprop=\"thumbnailUrl\" srcset=\"https:\/\/www.weingut-diwald.at\/wp-content\/uploads\/2015\/12\/Bioweingut_Diwald_Keller.jpg 1000w, https:\/\/www.weingut-diwald.at\/wp-content\/uploads\/2015\/12\/Bioweingut_Diwald_Keller-300x173.jpg 300w, https:\/\/www.weingut-diwald.at\/wp-content\/uploads\/2015\/12\/Bioweingut_Diwald_Keller-705x406.jpg 705w, https:\/\/www.weingut-diwald.at\/wp-content\/uploads\/2015\/12\/Bioweingut_Diwald_Keller-450x259.jpg 450w\" sizes=\"(max-width: 1000px) 100vw, 1000px\" \/><\/div><\/li><li  class='avia-slideshow-slide av-lvwnfrza-334383356993b2592e3181072cf89b8c__2  slide-3 slide-odd'><div data-rel='slideshow-1' class='avia-slide-wrap '   ><img decoding=\"async\" fetchpriority=\"high\" class=\"wp-image-5366 avia-img-lazy-loading-not-5366\"  src=\"https:\/\/www.weingut-diwald.at\/wp-content\/uploads\/2024\/05\/Martin-Ulli-Sonnenuntergang-1000-x-576-2.png\" width=\"1000\" height=\"576\" title='Martin Ulli Sonnenuntergang 1000 x 576' alt=''  itemprop=\"thumbnailUrl\" srcset=\"https:\/\/www.weingut-diwald.at\/wp-content\/uploads\/2024\/05\/Martin-Ulli-Sonnenuntergang-1000-x-576-2.png 1000w, https:\/\/www.weingut-diwald.at\/wp-content\/uploads\/2024\/05\/Martin-Ulli-Sonnenuntergang-1000-x-576-2-300x173.png 300w, https:\/\/www.weingut-diwald.at\/wp-content\/uploads\/2024\/05\/Martin-Ulli-Sonnenuntergang-1000-x-576-2-768x442.png 768w, https:\/\/www.weingut-diwald.at\/wp-content\/uploads\/2024\/05\/Martin-Ulli-Sonnenuntergang-1000-x-576-2-705x406.png 705w\" sizes=\"(max-width: 1000px) 100vw, 1000px\" \/><\/div><\/li><li  class='avia-slideshow-slide av-lvwnfrza-334383356993b2592e3181072cf89b8c__3  slide-4 slide-even'><div data-rel='slideshow-1' class='avia-slide-wrap '   ><img decoding=\"async\" fetchpriority=\"high\" class=\"wp-image-5185 avia-img-lazy-loading-not-5185\"  src=\"https:\/\/www.weingut-diwald.at\/wp-content\/uploads\/2024\/05\/Schafe-2-1000-x-576.png\" width=\"1000\" height=\"576\" title='Schafe 2 - 1000 x 576' alt=''  itemprop=\"thumbnailUrl\" srcset=\"https:\/\/www.weingut-diwald.at\/wp-content\/uploads\/2024\/05\/Schafe-2-1000-x-576.png 1000w, https:\/\/www.weingut-diwald.at\/wp-content\/uploads\/2024\/05\/Schafe-2-1000-x-576-300x173.png 300w, https:\/\/www.weingut-diwald.at\/wp-content\/uploads\/2024\/05\/Schafe-2-1000-x-576-768x442.png 768w, https:\/\/www.weingut-diwald.at\/wp-content\/uploads\/2024\/05\/Schafe-2-1000-x-576-705x406.png 705w\" sizes=\"(max-width: 1000px) 100vw, 1000px\" \/><\/div><\/li><\/ul><div class='avia-slideshow-arrows avia-slideshow-controls' ><a href='#prev' class='prev-slide  avia-svg-icon avia-font-svg_entypo-fontello' data-av_svg_icon='left-open-big' data-av_iconset='svg_entypo-fontello' tabindex='-1' title=\"Zur\u00fcck\"><svg version=\"1.1\" xmlns=\"http:\/\/www.w3.org\/2000\/svg\" width=\"15\" height=\"32\" viewBox=\"0 0 15 32\" preserveAspectRatio=\"xMidYMid meet\" aria-labelledby='av-svg-title-1' aria-describedby='av-svg-desc-1' role=\"graphics-symbol\" aria-hidden=\"true\">\n<title id='av-svg-title-1'>Zur\u00fcck<\/title>\n<desc id='av-svg-desc-1'>Zur\u00fcck<\/desc>\n<path d=\"M14.464 27.84q0.832 0.832 0 1.536-0.832 0.832-1.536 0l-12.544-12.608q-0.768-0.768 0-1.6l12.544-12.608q0.704-0.832 1.536 0 0.832 0.704 0 1.536l-11.456 11.904z\"><\/path>\n<\/svg><span class='avia_hidden_link_text'>Zur\u00fcck<\/span><\/a><a href='#next' class='next-slide  avia-svg-icon avia-font-svg_entypo-fontello' data-av_svg_icon='right-open-big' data-av_iconset='svg_entypo-fontello' tabindex='-1' title=\"Weiter\"><svg version=\"1.1\" xmlns=\"http:\/\/www.w3.org\/2000\/svg\" width=\"15\" height=\"32\" viewBox=\"0 0 15 32\" preserveAspectRatio=\"xMidYMid meet\" aria-labelledby='av-svg-title-2' aria-describedby='av-svg-desc-2' role=\"graphics-symbol\" aria-hidden=\"true\">\n<title id='av-svg-title-2'>Weiter<\/title>\n<desc id='av-svg-desc-2'>Weiter<\/desc>\n<path d=\"M0.416 27.84l11.456-11.84-11.456-11.904q-0.832-0.832 0-1.536 0.832-0.832 1.536 0l12.544 12.608q0.768 0.832 0 1.6l-12.544 12.608q-0.704 0.832-1.536 0-0.832-0.704 0-1.536z\"><\/path>\n<\/svg><span class='avia_hidden_link_text'>Weiter<\/span><\/a><\/div><div class='avia-slideshow-dots avia-slideshow-controls'><a href='#1' class='goto-slide active' >1<\/a><a href='#2' class='goto-slide ' >2<\/a><a href='#3' class='goto-slide ' >3<\/a><a href='#4' class='goto-slide ' >4<\/a><\/div><\/div>\n<\/div><\/div><\/main><!-- close content main element --><\/div><\/div><div id='after_section_1'  class='main_color av_default_container_wrap container_wrap fullsize'  ><div class='container av-section-cont-open' ><div class='template-page content  av-content-full alpha units'><div class='post-entry post-entry-type-page post-entry-3414'><div class='entry-content-wrapper clearfix'><div  class='flex_column av-2kuu52-2ff0814699f79ab03d36dc2684e62452 av_one_full  avia-builder-el-3  el_after_av_section  el_before_av_hr  avia-builder-el-first  first flex_column_div  '     ><section  class='av_textblock_section av-lvoyaa7r-3deaf20207545df9034d2aa4ab2477b3 '   itemscope=\"itemscope\" itemtype=\"https:\/\/schema.org\/CreativeWork\" ><div class='avia_textblock'  itemprop=\"text\" ><h5 style=\"text-align: center;\">\u00bbVon Herkunft, Menschen und der Leidenschaft aus Trauben etwas Gro\u00dfartiges zu machen\u00ab<\/h5>\n<p>Wir lieben unser Dorf Grossriedenthal, das unsere Heimat und Herkunft unserer Weine ist. Das Land rundherum ist unser kleines Universum, in dem wir als Weinbauern verschiedenartige Lagen bewirtschaften. Das Fundament f\u00fcr unser heutiges Tun bildet bereits seit 1976 die biologische Wirtschaftsweise und seit 2023 der biodynamische Weinbau. Und so blicken wir zur\u00fcck, auch mal gern zur Seite aber stets nach vorne. Mit dem Vertrauen in die Natur, der Freude an der Arbeit im Weingarten und der Leidenschaft aus den Trauben etwas Gro\u00dfartiges zu machen, entstehen Weine, die von ihrer Herkunft und von uns erz\u00e4hlen. Aufrichtig, urspr\u00fcnglich und voller Leben.<\/p>\n<\/div><\/section><br \/>\n<div  class='avia-slideshow av-lvoyuced-558f1fd750414016821405ea973d8537 avia-slideshow-no scaling av_slideshow avia-slide-slider  avia-builder-el-5  el_after_av_textblock  el_before_av_textblock  av-slideshow-ui av-control-default av-slideshow-manual av-loop-once av-loop-manual-endless av-default-height-applied avia-slideshow-2' data-slideshow-options=\"{&quot;animation&quot;:&quot;slide&quot;,&quot;autoplay&quot;:false,&quot;loop_autoplay&quot;:&quot;once&quot;,&quot;interval&quot;:5,&quot;loop_manual&quot;:&quot;manual-endless&quot;,&quot;autoplay_stopper&quot;:false,&quot;noNavigation&quot;:false,&quot;bg_slider&quot;:false,&quot;keep_padding&quot;:false,&quot;hoverpause&quot;:false,&quot;show_slide_delay&quot;:0}\"  itemprop=\"image\" itemscope=\"itemscope\" itemtype=\"https:\/\/schema.org\/ImageObject\" ><ul class='avia-slideshow-inner ' style='padding-bottom: 57.6%;'><li  class='avia-slideshow-slide av-lvoyuced-558f1fd750414016821405ea973d8537__0  slide-1 slide-odd'><div data-rel='slideshow-2' class='avia-slide-wrap '   ><img decoding=\"async\" fetchpriority=\"high\" class=\"wp-image-5190 avia-img-lazy-loading-not-5190\"  src=\"https:\/\/www.weingut-diwald.at\/wp-content\/uploads\/2024\/05\/Schafe-1-1000-x-576.png\" width=\"1000\" height=\"576\" title='Schafe 1 1000 x 576' alt=''  itemprop=\"thumbnailUrl\" srcset=\"https:\/\/www.weingut-diwald.at\/wp-content\/uploads\/2024\/05\/Schafe-1-1000-x-576.png 1000w, https:\/\/www.weingut-diwald.at\/wp-content\/uploads\/2024\/05\/Schafe-1-1000-x-576-300x173.png 300w, https:\/\/www.weingut-diwald.at\/wp-content\/uploads\/2024\/05\/Schafe-1-1000-x-576-768x442.png 768w, https:\/\/www.weingut-diwald.at\/wp-content\/uploads\/2024\/05\/Schafe-1-1000-x-576-705x406.png 705w\" sizes=\"(max-width: 1000px) 100vw, 1000px\" \/><\/div><\/li><li  class='avia-slideshow-slide av-lvoyuced-558f1fd750414016821405ea973d8537__1  slide-2 slide-even'><div data-rel='slideshow-2' class='avia-slide-wrap '   ><img decoding=\"async\" fetchpriority=\"high\" class=\"wp-image-5188 avia-img-lazy-loading-not-5188\"  src=\"https:\/\/www.weingut-diwald.at\/wp-content\/uploads\/2024\/05\/Martin-Vinothek-1000-x-576.png\" width=\"1000\" height=\"576\" title='Martin Vinothek 1000 x 576' alt=''  itemprop=\"thumbnailUrl\" srcset=\"https:\/\/www.weingut-diwald.at\/wp-content\/uploads\/2024\/05\/Martin-Vinothek-1000-x-576.png 1000w, https:\/\/www.weingut-diwald.at\/wp-content\/uploads\/2024\/05\/Martin-Vinothek-1000-x-576-300x173.png 300w, https:\/\/www.weingut-diwald.at\/wp-content\/uploads\/2024\/05\/Martin-Vinothek-1000-x-576-768x442.png 768w, https:\/\/www.weingut-diwald.at\/wp-content\/uploads\/2024\/05\/Martin-Vinothek-1000-x-576-705x406.png 705w\" sizes=\"(max-width: 1000px) 100vw, 1000px\" \/><\/div><\/li><li  class='avia-slideshow-slide av-lvoyuced-558f1fd750414016821405ea973d8537__2  slide-3 slide-odd'><div data-rel='slideshow-2' class='avia-slide-wrap '   ><img decoding=\"async\" fetchpriority=\"high\" class=\"wp-image-5187 avia-img-lazy-loading-not-5187\"  src=\"https:\/\/www.weingut-diwald.at\/wp-content\/uploads\/2024\/05\/Goldberg-Herz-Riesling-1000-x-576.png\" width=\"1000\" height=\"576\" title='Goldberg Herz Riesling 1000 x 576' alt=''  itemprop=\"thumbnailUrl\" srcset=\"https:\/\/www.weingut-diwald.at\/wp-content\/uploads\/2024\/05\/Goldberg-Herz-Riesling-1000-x-576.png 1000w, https:\/\/www.weingut-diwald.at\/wp-content\/uploads\/2024\/05\/Goldberg-Herz-Riesling-1000-x-576-300x173.png 300w, https:\/\/www.weingut-diwald.at\/wp-content\/uploads\/2024\/05\/Goldberg-Herz-Riesling-1000-x-576-768x442.png 768w, https:\/\/www.weingut-diwald.at\/wp-content\/uploads\/2024\/05\/Goldberg-Herz-Riesling-1000-x-576-705x406.png 705w\" sizes=\"(max-width: 1000px) 100vw, 1000px\" \/><\/div><\/li><li  class='avia-slideshow-slide av-lvoyuced-558f1fd750414016821405ea973d8537__3  slide-4 slide-even'><div data-rel='slideshow-2' class='avia-slide-wrap '   ><img decoding=\"async\" fetchpriority=\"high\" class=\"wp-image-5189 avia-img-lazy-loading-not-5189\"  src=\"https:\/\/www.weingut-diwald.at\/wp-content\/uploads\/2024\/05\/Martin_Ulli_hinten-Credits-Roland-Kretschmer_beschnitten-1.jpg\" width=\"1024\" height=\"576\" title='Martin_Ulli_hinten - Credits Roland Kretschmer_beschnitten' alt=''  itemprop=\"thumbnailUrl\" srcset=\"https:\/\/www.weingut-diwald.at\/wp-content\/uploads\/2024\/05\/Martin_Ulli_hinten-Credits-Roland-Kretschmer_beschnitten-1.jpg 1024w, https:\/\/www.weingut-diwald.at\/wp-content\/uploads\/2024\/05\/Martin_Ulli_hinten-Credits-Roland-Kretschmer_beschnitten-1-300x169.jpg 300w, https:\/\/www.weingut-diwald.at\/wp-content\/uploads\/2024\/05\/Martin_Ulli_hinten-Credits-Roland-Kretschmer_beschnitten-1-768x432.jpg 768w, https:\/\/www.weingut-diwald.at\/wp-content\/uploads\/2024\/05\/Martin_Ulli_hinten-Credits-Roland-Kretschmer_beschnitten-1-705x397.jpg 705w\" sizes=\"(max-width: 1024px) 100vw, 1024px\" \/><\/div><\/li><li  class='avia-slideshow-slide av-lvoyuced-558f1fd750414016821405ea973d8537__4  slide-5 slide-odd'><div data-rel='slideshow-2' class='avia-slide-wrap '   ><img decoding=\"async\" fetchpriority=\"high\" class=\"wp-image-5186 avia-img-lazy-loading-not-5186\"  src=\"https:\/\/www.weingut-diwald.at\/wp-content\/uploads\/2024\/05\/Vogelnest-1000-x-576.png\" width=\"1000\" height=\"576\" title='Vogelnest - 1000 x 576' alt=''  itemprop=\"thumbnailUrl\" srcset=\"https:\/\/www.weingut-diwald.at\/wp-content\/uploads\/2024\/05\/Vogelnest-1000-x-576.png 1000w, https:\/\/www.weingut-diwald.at\/wp-content\/uploads\/2024\/05\/Vogelnest-1000-x-576-300x173.png 300w, https:\/\/www.weingut-diwald.at\/wp-content\/uploads\/2024\/05\/Vogelnest-1000-x-576-768x442.png 768w, https:\/\/www.weingut-diwald.at\/wp-content\/uploads\/2024\/05\/Vogelnest-1000-x-576-705x406.png 705w\" sizes=\"(max-width: 1000px) 100vw, 1000px\" \/><\/div><\/li><\/ul><div class='avia-slideshow-arrows avia-slideshow-controls' ><a href='#prev' class='prev-slide  avia-svg-icon avia-font-svg_entypo-fontello' data-av_svg_icon='left-open-big' data-av_iconset='svg_entypo-fontello' tabindex='-1' title=\"Zur\u00fcck\"><svg version=\"1.1\" xmlns=\"http:\/\/www.w3.org\/2000\/svg\" width=\"15\" height=\"32\" viewBox=\"0 0 15 32\" preserveAspectRatio=\"xMidYMid meet\" aria-labelledby='av-svg-title-3' aria-describedby='av-svg-desc-3' role=\"graphics-symbol\" aria-hidden=\"true\">\n<title id='av-svg-title-3'>Zur\u00fcck<\/title>\n<desc id='av-svg-desc-3'>Zur\u00fcck<\/desc>\n<path d=\"M14.464 27.84q0.832 0.832 0 1.536-0.832 0.832-1.536 0l-12.544-12.608q-0.768-0.768 0-1.6l12.544-12.608q0.704-0.832 1.536 0 0.832 0.704 0 1.536l-11.456 11.904z\"><\/path>\n<\/svg><span class='avia_hidden_link_text'>Zur\u00fcck<\/span><\/a><a href='#next' class='next-slide  avia-svg-icon avia-font-svg_entypo-fontello' data-av_svg_icon='right-open-big' data-av_iconset='svg_entypo-fontello' tabindex='-1' title=\"Weiter\"><svg version=\"1.1\" xmlns=\"http:\/\/www.w3.org\/2000\/svg\" width=\"15\" height=\"32\" viewBox=\"0 0 15 32\" preserveAspectRatio=\"xMidYMid meet\" aria-labelledby='av-svg-title-4' aria-describedby='av-svg-desc-4' role=\"graphics-symbol\" aria-hidden=\"true\">\n<title id='av-svg-title-4'>Weiter<\/title>\n<desc id='av-svg-desc-4'>Weiter<\/desc>\n<path d=\"M0.416 27.84l11.456-11.84-11.456-11.904q-0.832-0.832 0-1.536 0.832-0.832 1.536 0l12.544 12.608q0.768 0.832 0 1.6l-12.544 12.608q-0.704 0.832-1.536 0-0.832-0.704 0-1.536z\"><\/path>\n<\/svg><span class='avia_hidden_link_text'>Weiter<\/span><\/a><\/div><div class='avia-slideshow-dots avia-slideshow-controls'><a href='#1' class='goto-slide active' >1<\/a><a href='#2' class='goto-slide ' >2<\/a><a href='#3' class='goto-slide ' >3<\/a><a href='#4' class='goto-slide ' >4<\/a><a href='#5' class='goto-slide ' >5<\/a><\/div><\/div><br \/>\n<section  class='av_textblock_section av-lvoytaoe-071154dde410ac1a4ce1c1e4e6dcd556 '   itemscope=\"itemscope\" itemtype=\"https:\/\/schema.org\/CreativeWork\" ><div class='avia_textblock'  itemprop=\"text\" ><h5 style=\"text-align: center;\">\u00bbUnsere Vorbilder &#8211; Sie waren schon Bio, bevor es modern war\u00ab<\/h5>\n<p>Herkunft bezieht sich auch auf Menschen und wir verdanken meinen Eltern immens viel. Sie haben die revolution\u00e4re Vorarbeit geleistet und mit gro\u00dfem Idealismus bereits 1976 unsere Weing\u00e4rten auf die biologische Wirtschaftsweise umgestellt &#8211; lange bevor Bio modern war. Sie z\u00e4hlen heute zu den Urgesteinen des \u00f6sterreichischen Bioweinbaus und waren Wegbereiter f\u00fcr eine nicht mehr wegzudenkende Bewegung.<\/p>\n<\/div><\/section><br \/>\n<div  class='avia-slideshow av-lvoyofyc-49d2a6cb663429c4beb213d6fabd62df avia-slideshow-no scaling av_slideshow avia-slide-slider  avia-builder-el-7  el_after_av_textblock  el_before_av_slideshow  av-small-hide av-mini-hide av-slideshow-ui av-control-default av-slideshow-manual av-loop-once av-loop-manual-endless av-default-height-applied avia-slideshow-3' data-slideshow-options=\"{&quot;animation&quot;:&quot;slide&quot;,&quot;autoplay&quot;:false,&quot;loop_autoplay&quot;:&quot;once&quot;,&quot;interval&quot;:5,&quot;loop_manual&quot;:&quot;manual-endless&quot;,&quot;autoplay_stopper&quot;:false,&quot;noNavigation&quot;:false,&quot;bg_slider&quot;:false,&quot;keep_padding&quot;:false,&quot;hoverpause&quot;:false,&quot;show_slide_delay&quot;:0}\"  itemprop=\"image\" itemscope=\"itemscope\" itemtype=\"https:\/\/schema.org\/ImageObject\" ><ul class='avia-slideshow-inner ' style='padding-bottom: 57.6%;'><li  class='avia-slideshow-slide av-lvoyofyc-49d2a6cb663429c4beb213d6fabd62df__0  slide-1 slide-odd'><div data-rel='slideshow-3' class='avia-slide-wrap '   ><img decoding=\"async\" fetchpriority=\"high\" class=\"wp-image-5193 avia-img-lazy-loading-not-5193\"  src=\"https:\/\/www.weingut-diwald.at\/wp-content\/uploads\/2024\/05\/Boden-1000-x-576.png\" width=\"1000\" height=\"576\" title='Boden 1000 x 576' alt=''  itemprop=\"thumbnailUrl\" srcset=\"https:\/\/www.weingut-diwald.at\/wp-content\/uploads\/2024\/05\/Boden-1000-x-576.png 1000w, https:\/\/www.weingut-diwald.at\/wp-content\/uploads\/2024\/05\/Boden-1000-x-576-300x173.png 300w, https:\/\/www.weingut-diwald.at\/wp-content\/uploads\/2024\/05\/Boden-1000-x-576-768x442.png 768w, https:\/\/www.weingut-diwald.at\/wp-content\/uploads\/2024\/05\/Boden-1000-x-576-705x406.png 705w\" sizes=\"(max-width: 1000px) 100vw, 1000px\" \/><\/div><\/li><li  class='avia-slideshow-slide av-lvoyofyc-49d2a6cb663429c4beb213d6fabd62df__1  slide-2 slide-even'><div data-rel='slideshow-3' class='avia-slide-wrap '   ><img decoding=\"async\" fetchpriority=\"high\" class=\"wp-image-5196 avia-img-lazy-loading-not-5196\"  src=\"https:\/\/www.weingut-diwald.at\/wp-content\/uploads\/2024\/05\/Ulli-Schafe-2-1000-x-576.png\" width=\"1000\" height=\"576\" title='Ulli Schafe 2 - 1000 x 576' alt=''  itemprop=\"thumbnailUrl\" srcset=\"https:\/\/www.weingut-diwald.at\/wp-content\/uploads\/2024\/05\/Ulli-Schafe-2-1000-x-576.png 1000w, https:\/\/www.weingut-diwald.at\/wp-content\/uploads\/2024\/05\/Ulli-Schafe-2-1000-x-576-300x173.png 300w, https:\/\/www.weingut-diwald.at\/wp-content\/uploads\/2024\/05\/Ulli-Schafe-2-1000-x-576-768x442.png 768w, https:\/\/www.weingut-diwald.at\/wp-content\/uploads\/2024\/05\/Ulli-Schafe-2-1000-x-576-705x406.png 705w\" sizes=\"(max-width: 1000px) 100vw, 1000px\" \/><\/div><\/li><li  class='avia-slideshow-slide av-lvoyofyc-49d2a6cb663429c4beb213d6fabd62df__2  slide-3 slide-odd'><div data-rel='slideshow-3' class='avia-slide-wrap '   ><img decoding=\"async\" fetchpriority=\"high\" class=\"wp-image-5194 avia-img-lazy-loading-not-5194\"  src=\"https:\/\/www.weingut-diwald.at\/wp-content\/uploads\/2024\/05\/LondandWhindingRoad-1000-x-576.png\" width=\"1000\" height=\"576\" title='LondandWhindingRoad - 1000 x 576' alt=''  itemprop=\"thumbnailUrl\" srcset=\"https:\/\/www.weingut-diwald.at\/wp-content\/uploads\/2024\/05\/LondandWhindingRoad-1000-x-576.png 1000w, https:\/\/www.weingut-diwald.at\/wp-content\/uploads\/2024\/05\/LondandWhindingRoad-1000-x-576-300x173.png 300w, https:\/\/www.weingut-diwald.at\/wp-content\/uploads\/2024\/05\/LondandWhindingRoad-1000-x-576-768x442.png 768w, https:\/\/www.weingut-diwald.at\/wp-content\/uploads\/2024\/05\/LondandWhindingRoad-1000-x-576-705x406.png 705w\" sizes=\"(max-width: 1000px) 100vw, 1000px\" \/><\/div><\/li><li  class='avia-slideshow-slide av-lvoyofyc-49d2a6cb663429c4beb213d6fabd62df__3  slide-4 slide-even'><div data-rel='slideshow-3' class='avia-slide-wrap '   ><img decoding=\"async\" fetchpriority=\"high\" class=\"wp-image-5195 avia-img-lazy-loading-not-5195\"  src=\"https:\/\/www.weingut-diwald.at\/wp-content\/uploads\/2024\/05\/Pilze-1000-x-576.png\" width=\"1000\" height=\"576\" title='Pilze 1000 x 576' alt=''  itemprop=\"thumbnailUrl\" srcset=\"https:\/\/www.weingut-diwald.at\/wp-content\/uploads\/2024\/05\/Pilze-1000-x-576.png 1000w, https:\/\/www.weingut-diwald.at\/wp-content\/uploads\/2024\/05\/Pilze-1000-x-576-300x173.png 300w, https:\/\/www.weingut-diwald.at\/wp-content\/uploads\/2024\/05\/Pilze-1000-x-576-768x442.png 768w, https:\/\/www.weingut-diwald.at\/wp-content\/uploads\/2024\/05\/Pilze-1000-x-576-705x406.png 705w\" sizes=\"(max-width: 1000px) 100vw, 1000px\" \/><\/div><\/li><\/ul><div class='avia-slideshow-arrows avia-slideshow-controls' ><a href='#prev' class='prev-slide  avia-svg-icon avia-font-svg_entypo-fontello' data-av_svg_icon='left-open-big' data-av_iconset='svg_entypo-fontello' tabindex='-1' title=\"Zur\u00fcck\"><svg version=\"1.1\" xmlns=\"http:\/\/www.w3.org\/2000\/svg\" width=\"15\" height=\"32\" viewBox=\"0 0 15 32\" preserveAspectRatio=\"xMidYMid meet\" aria-labelledby='av-svg-title-5' aria-describedby='av-svg-desc-5' role=\"graphics-symbol\" aria-hidden=\"true\">\n<title id='av-svg-title-5'>Zur\u00fcck<\/title>\n<desc id='av-svg-desc-5'>Zur\u00fcck<\/desc>\n<path d=\"M14.464 27.84q0.832 0.832 0 1.536-0.832 0.832-1.536 0l-12.544-12.608q-0.768-0.768 0-1.6l12.544-12.608q0.704-0.832 1.536 0 0.832 0.704 0 1.536l-11.456 11.904z\"><\/path>\n<\/svg><span class='avia_hidden_link_text'>Zur\u00fcck<\/span><\/a><a href='#next' class='next-slide  avia-svg-icon avia-font-svg_entypo-fontello' data-av_svg_icon='right-open-big' data-av_iconset='svg_entypo-fontello' tabindex='-1' title=\"Weiter\"><svg version=\"1.1\" xmlns=\"http:\/\/www.w3.org\/2000\/svg\" width=\"15\" height=\"32\" viewBox=\"0 0 15 32\" preserveAspectRatio=\"xMidYMid meet\" aria-labelledby='av-svg-title-6' aria-describedby='av-svg-desc-6' role=\"graphics-symbol\" aria-hidden=\"true\">\n<title id='av-svg-title-6'>Weiter<\/title>\n<desc id='av-svg-desc-6'>Weiter<\/desc>\n<path d=\"M0.416 27.84l11.456-11.84-11.456-11.904q-0.832-0.832 0-1.536 0.832-0.832 1.536 0l12.544 12.608q0.768 0.832 0 1.6l-12.544 12.608q-0.704 0.832-1.536 0-0.832-0.704 0-1.536z\"><\/path>\n<\/svg><span class='avia_hidden_link_text'>Weiter<\/span><\/a><\/div><div class='avia-slideshow-dots avia-slideshow-controls'><a href='#1' class='goto-slide active' >1<\/a><a href='#2' class='goto-slide ' >2<\/a><a href='#3' class='goto-slide ' >3<\/a><a href='#4' class='goto-slide ' >4<\/a><\/div><\/div><br \/>\n<div  class='avia-slideshow av-lvwobctt-9c99ed2a64d0eaf9b40b205a7ff1ddba avia-slideshow-no scaling av_slideshow avia-slide-slider  avia-builder-el-8  el_after_av_slideshow  el_before_av_textblock  av-desktop-hide av-medium-hide av-slideshow-ui av-control-default av-slideshow-manual av-loop-once av-loop-manual-endless av-default-height-applied avia-slideshow-4' data-slideshow-options=\"{&quot;animation&quot;:&quot;slide&quot;,&quot;autoplay&quot;:false,&quot;loop_autoplay&quot;:&quot;once&quot;,&quot;interval&quot;:5,&quot;loop_manual&quot;:&quot;manual-endless&quot;,&quot;autoplay_stopper&quot;:false,&quot;noNavigation&quot;:false,&quot;bg_slider&quot;:false,&quot;keep_padding&quot;:false,&quot;hoverpause&quot;:false,&quot;show_slide_delay&quot;:0}\"  itemprop=\"image\" itemscope=\"itemscope\" itemtype=\"https:\/\/schema.org\/ImageObject\" ><ul class='avia-slideshow-inner ' style='padding-bottom: 100.6993006993%;'><li  class='avia-slideshow-slide av-lvwobctt-9c99ed2a64d0eaf9b40b205a7ff1ddba__0  slide-1 slide-odd'><div data-rel='slideshow-4' class='avia-slide-wrap '   ><img decoding=\"async\" fetchpriority=\"high\" class=\"wp-image-5141 avia-img-lazy-loading-not-5141\"  src=\"https:\/\/www.weingut-diwald.at\/wp-content\/uploads\/2024\/05\/Boden-576-x-572.jpg\" width=\"572\" height=\"576\" title='Boden 576 x 572' alt=''  itemprop=\"thumbnailUrl\" srcset=\"https:\/\/www.weingut-diwald.at\/wp-content\/uploads\/2024\/05\/Boden-576-x-572.jpg 572w, https:\/\/www.weingut-diwald.at\/wp-content\/uploads\/2024\/05\/Boden-576-x-572-298x300.jpg 298w, https:\/\/www.weingut-diwald.at\/wp-content\/uploads\/2024\/05\/Boden-576-x-572-80x80.jpg 80w, https:\/\/www.weingut-diwald.at\/wp-content\/uploads\/2024\/05\/Boden-576-x-572-36x36.jpg 36w, https:\/\/www.weingut-diwald.at\/wp-content\/uploads\/2024\/05\/Boden-576-x-572-180x180.jpg 180w\" sizes=\"(max-width: 572px) 100vw, 572px\" \/><\/div><\/li><li  class='avia-slideshow-slide av-lvwobctt-9c99ed2a64d0eaf9b40b205a7ff1ddba__1  slide-2 slide-even'><div data-rel='slideshow-4' class='avia-slide-wrap '   ><img decoding=\"async\" fetchpriority=\"high\" class=\"wp-image-5142 avia-img-lazy-loading-not-5142\"  src=\"https:\/\/www.weingut-diwald.at\/wp-content\/uploads\/2024\/05\/LondandWhindingRoad-576-x-572.jpg\" width=\"572\" height=\"576\" title='LondandWhindingRoad - 576 x 572' alt=''  itemprop=\"thumbnailUrl\" srcset=\"https:\/\/www.weingut-diwald.at\/wp-content\/uploads\/2024\/05\/LondandWhindingRoad-576-x-572.jpg 572w, https:\/\/www.weingut-diwald.at\/wp-content\/uploads\/2024\/05\/LondandWhindingRoad-576-x-572-298x300.jpg 298w, https:\/\/www.weingut-diwald.at\/wp-content\/uploads\/2024\/05\/LondandWhindingRoad-576-x-572-80x80.jpg 80w, https:\/\/www.weingut-diwald.at\/wp-content\/uploads\/2024\/05\/LondandWhindingRoad-576-x-572-36x36.jpg 36w, https:\/\/www.weingut-diwald.at\/wp-content\/uploads\/2024\/05\/LondandWhindingRoad-576-x-572-180x180.jpg 180w\" sizes=\"(max-width: 572px) 100vw, 572px\" \/><\/div><\/li><li  class='avia-slideshow-slide av-lvwobctt-9c99ed2a64d0eaf9b40b205a7ff1ddba__2  slide-3 slide-odd'><div data-rel='slideshow-4' class='avia-slide-wrap '   ><img decoding=\"async\" fetchpriority=\"high\" class=\"wp-image-5143 avia-img-lazy-loading-not-5143\"  src=\"https:\/\/www.weingut-diwald.at\/wp-content\/uploads\/2024\/05\/Pilze-576-x-572.jpg\" width=\"573\" height=\"576\" title='Pilze 576 x 572' alt=''  itemprop=\"thumbnailUrl\" srcset=\"https:\/\/www.weingut-diwald.at\/wp-content\/uploads\/2024\/05\/Pilze-576-x-572.jpg 573w, https:\/\/www.weingut-diwald.at\/wp-content\/uploads\/2024\/05\/Pilze-576-x-572-298x300.jpg 298w, https:\/\/www.weingut-diwald.at\/wp-content\/uploads\/2024\/05\/Pilze-576-x-572-80x80.jpg 80w, https:\/\/www.weingut-diwald.at\/wp-content\/uploads\/2024\/05\/Pilze-576-x-572-36x36.jpg 36w, https:\/\/www.weingut-diwald.at\/wp-content\/uploads\/2024\/05\/Pilze-576-x-572-180x180.jpg 180w\" sizes=\"(max-width: 573px) 100vw, 573px\" \/><\/div><\/li><li  class='avia-slideshow-slide av-lvwobctt-9c99ed2a64d0eaf9b40b205a7ff1ddba__3  slide-4 slide-even'><div data-rel='slideshow-4' class='avia-slide-wrap '   ><img decoding=\"async\" fetchpriority=\"high\" class=\"wp-image-5140 avia-img-lazy-loading-not-5140\"  src=\"https:\/\/www.weingut-diwald.at\/wp-content\/uploads\/2024\/05\/Ulli-Schafe-2-576-x-576.jpg\" width=\"576\" height=\"576\" title='Ulli Schafe 2 576 x 576' alt=''  itemprop=\"thumbnailUrl\" srcset=\"https:\/\/www.weingut-diwald.at\/wp-content\/uploads\/2024\/05\/Ulli-Schafe-2-576-x-576.jpg 576w, https:\/\/www.weingut-diwald.at\/wp-content\/uploads\/2024\/05\/Ulli-Schafe-2-576-x-576-300x300.jpg 300w, https:\/\/www.weingut-diwald.at\/wp-content\/uploads\/2024\/05\/Ulli-Schafe-2-576-x-576-80x80.jpg 80w, https:\/\/www.weingut-diwald.at\/wp-content\/uploads\/2024\/05\/Ulli-Schafe-2-576-x-576-36x36.jpg 36w, https:\/\/www.weingut-diwald.at\/wp-content\/uploads\/2024\/05\/Ulli-Schafe-2-576-x-576-180x180.jpg 180w\" sizes=\"(max-width: 576px) 100vw, 576px\" \/><\/div><\/li><\/ul><div class='avia-slideshow-arrows avia-slideshow-controls' ><a href='#prev' class='prev-slide  avia-svg-icon avia-font-svg_entypo-fontello' data-av_svg_icon='left-open-big' data-av_iconset='svg_entypo-fontello' tabindex='-1' title=\"Zur\u00fcck\"><svg version=\"1.1\" xmlns=\"http:\/\/www.w3.org\/2000\/svg\" width=\"15\" height=\"32\" viewBox=\"0 0 15 32\" preserveAspectRatio=\"xMidYMid meet\" aria-labelledby='av-svg-title-7' aria-describedby='av-svg-desc-7' role=\"graphics-symbol\" aria-hidden=\"true\">\n<title id='av-svg-title-7'>Zur\u00fcck<\/title>\n<desc id='av-svg-desc-7'>Zur\u00fcck<\/desc>\n<path d=\"M14.464 27.84q0.832 0.832 0 1.536-0.832 0.832-1.536 0l-12.544-12.608q-0.768-0.768 0-1.6l12.544-12.608q0.704-0.832 1.536 0 0.832 0.704 0 1.536l-11.456 11.904z\"><\/path>\n<\/svg><span class='avia_hidden_link_text'>Zur\u00fcck<\/span><\/a><a href='#next' class='next-slide  avia-svg-icon avia-font-svg_entypo-fontello' data-av_svg_icon='right-open-big' data-av_iconset='svg_entypo-fontello' tabindex='-1' title=\"Weiter\"><svg version=\"1.1\" xmlns=\"http:\/\/www.w3.org\/2000\/svg\" width=\"15\" height=\"32\" viewBox=\"0 0 15 32\" preserveAspectRatio=\"xMidYMid meet\" aria-labelledby='av-svg-title-8' aria-describedby='av-svg-desc-8' role=\"graphics-symbol\" aria-hidden=\"true\">\n<title id='av-svg-title-8'>Weiter<\/title>\n<desc id='av-svg-desc-8'>Weiter<\/desc>\n<path d=\"M0.416 27.84l11.456-11.84-11.456-11.904q-0.832-0.832 0-1.536 0.832-0.832 1.536 0l12.544 12.608q0.768 0.832 0 1.6l-12.544 12.608q-0.704 0.832-1.536 0-0.832-0.704 0-1.536z\"><\/path>\n<\/svg><span class='avia_hidden_link_text'>Weiter<\/span><\/a><\/div><div class='avia-slideshow-dots avia-slideshow-controls'><a href='#1' class='goto-slide active' >1<\/a><a href='#2' class='goto-slide ' >2<\/a><a href='#3' class='goto-slide ' >3<\/a><a href='#4' class='goto-slide ' >4<\/a><\/div><\/div><br \/>\n<section  class='av_textblock_section av-lvoyn6w9-12e05b4713561262f43f956150ee5115 '   itemscope=\"itemscope\" itemtype=\"https:\/\/schema.org\/CreativeWork\" ><div class='avia_textblock'  itemprop=\"text\" ><h5 style=\"text-align: center;\">\u00bbGesunde Trauben sind die Fr\u00fcchte gesunder Reben und B\u00f6den\u00ab<\/h5>\n<p style=\"text-align: left;\">Unsere Weing\u00e4rten kennen nichts anderes als den biologischen Zugang. Seit 2023 sind wir Mitglied bei Respekt Biodyn und bewirtschaften unsere Reben nach den Grunds\u00e4tzen der Biodynamie.<\/p>\n<p style=\"text-align: left;\">Wir haben Freude an der Vielfalt und dem regen Treiben unter und rund um unsere Rebst\u00f6cke. Ein buntes Sammelsurium aus Pflanzen, Insekten und seltenen Tierarten hat bei uns Quartier bezogen und einige von ihnen, wie der Bienenfresser, der Wiedehopf und der Steinkauz, zieren als puristische Illustration unsere Etiketten. Unsere Schafe leben ganzj\u00e4hrig im Weingarten und helfen uns als nat\u00fcrliche Rasenm\u00e4her und der ausgebrachte Kompost vitalisiert unsere B\u00f6den. Alles steht in Verbindung. Gesunde Trauben sind schlie\u00dflich die Fr\u00fcchte gesunder Reben und B\u00f6den.<\/p>\n<\/div><\/section><br \/>\n<div  class='avia-slideshow av-lvoyxq9v-39a0e46e4722870aaa57143f96524c2a avia-slideshow-no scaling av_slideshow avia-slide-slider  avia-builder-el-10  el_after_av_textblock  el_before_av_slideshow  av-small-hide av-mini-hide av-slideshow-ui av-control-default av-slideshow-manual av-loop-once av-loop-manual-endless av-default-height-applied avia-slideshow-5' data-slideshow-options=\"{&quot;animation&quot;:&quot;slide&quot;,&quot;autoplay&quot;:false,&quot;loop_autoplay&quot;:&quot;once&quot;,&quot;interval&quot;:5,&quot;loop_manual&quot;:&quot;manual-endless&quot;,&quot;autoplay_stopper&quot;:false,&quot;noNavigation&quot;:false,&quot;bg_slider&quot;:false,&quot;keep_padding&quot;:false,&quot;hoverpause&quot;:false,&quot;show_slide_delay&quot;:0}\"  itemprop=\"image\" itemscope=\"itemscope\" itemtype=\"https:\/\/schema.org\/ImageObject\" ><ul class='avia-slideshow-inner ' style='padding-bottom: 57.6%;'><li  class='avia-slideshow-slide av-lvoyxq9v-39a0e46e4722870aaa57143f96524c2a__0  slide-1 slide-odd'><div data-rel='slideshow-5' class='avia-slide-wrap '   ><img decoding=\"async\" fetchpriority=\"high\" class=\"wp-image-5199 avia-img-lazy-loading-not-5199\"  src=\"https:\/\/www.weingut-diwald.at\/wp-content\/uploads\/2024\/05\/Eisenhut-1000-x-576.png\" width=\"1000\" height=\"576\" title='Eisenhut 1000 x 576' alt=''  itemprop=\"thumbnailUrl\" srcset=\"https:\/\/www.weingut-diwald.at\/wp-content\/uploads\/2024\/05\/Eisenhut-1000-x-576.png 1000w, https:\/\/www.weingut-diwald.at\/wp-content\/uploads\/2024\/05\/Eisenhut-1000-x-576-300x173.png 300w, https:\/\/www.weingut-diwald.at\/wp-content\/uploads\/2024\/05\/Eisenhut-1000-x-576-768x442.png 768w, https:\/\/www.weingut-diwald.at\/wp-content\/uploads\/2024\/05\/Eisenhut-1000-x-576-705x406.png 705w\" sizes=\"(max-width: 1000px) 100vw, 1000px\" \/><\/div><\/li><li  class='avia-slideshow-slide av-lvoyxq9v-39a0e46e4722870aaa57143f96524c2a__1  slide-2 slide-even'><div data-rel='slideshow-5' class='avia-slide-wrap '   ><img decoding=\"async\" fetchpriority=\"high\" class=\"wp-image-5200 avia-img-lazy-loading-not-5200\"  src=\"https:\/\/www.weingut-diwald.at\/wp-content\/uploads\/2024\/05\/Faesser-1000-x-576.png\" width=\"1000\" height=\"576\" title='Faesser 1000 x 576' alt=''  itemprop=\"thumbnailUrl\" srcset=\"https:\/\/www.weingut-diwald.at\/wp-content\/uploads\/2024\/05\/Faesser-1000-x-576.png 1000w, https:\/\/www.weingut-diwald.at\/wp-content\/uploads\/2024\/05\/Faesser-1000-x-576-300x173.png 300w, https:\/\/www.weingut-diwald.at\/wp-content\/uploads\/2024\/05\/Faesser-1000-x-576-768x442.png 768w, https:\/\/www.weingut-diwald.at\/wp-content\/uploads\/2024\/05\/Faesser-1000-x-576-705x406.png 705w\" sizes=\"(max-width: 1000px) 100vw, 1000px\" \/><\/div><\/li><li  class='avia-slideshow-slide av-lvoyxq9v-39a0e46e4722870aaa57143f96524c2a__2  slide-3 slide-odd'><div data-rel='slideshow-5' class='avia-slide-wrap '   ><img decoding=\"async\" fetchpriority=\"high\" class=\"wp-image-5198 avia-img-lazy-loading-not-5198\"  src=\"https:\/\/www.weingut-diwald.at\/wp-content\/uploads\/2024\/05\/Steinzeug-1000-x-576.png\" width=\"1000\" height=\"576\" title='Steinzeug 1000 x 576' alt=''  itemprop=\"thumbnailUrl\" srcset=\"https:\/\/www.weingut-diwald.at\/wp-content\/uploads\/2024\/05\/Steinzeug-1000-x-576.png 1000w, https:\/\/www.weingut-diwald.at\/wp-content\/uploads\/2024\/05\/Steinzeug-1000-x-576-300x173.png 300w, https:\/\/www.weingut-diwald.at\/wp-content\/uploads\/2024\/05\/Steinzeug-1000-x-576-768x442.png 768w, https:\/\/www.weingut-diwald.at\/wp-content\/uploads\/2024\/05\/Steinzeug-1000-x-576-705x406.png 705w\" sizes=\"(max-width: 1000px) 100vw, 1000px\" \/><\/div><\/li><\/ul><div class='avia-slideshow-arrows avia-slideshow-controls' ><a href='#prev' class='prev-slide  avia-svg-icon avia-font-svg_entypo-fontello' data-av_svg_icon='left-open-big' data-av_iconset='svg_entypo-fontello' tabindex='-1' title=\"Zur\u00fcck\"><svg version=\"1.1\" xmlns=\"http:\/\/www.w3.org\/2000\/svg\" width=\"15\" height=\"32\" viewBox=\"0 0 15 32\" preserveAspectRatio=\"xMidYMid meet\" aria-labelledby='av-svg-title-9' aria-describedby='av-svg-desc-9' role=\"graphics-symbol\" aria-hidden=\"true\">\n<title id='av-svg-title-9'>Zur\u00fcck<\/title>\n<desc id='av-svg-desc-9'>Zur\u00fcck<\/desc>\n<path d=\"M14.464 27.84q0.832 0.832 0 1.536-0.832 0.832-1.536 0l-12.544-12.608q-0.768-0.768 0-1.6l12.544-12.608q0.704-0.832 1.536 0 0.832 0.704 0 1.536l-11.456 11.904z\"><\/path>\n<\/svg><span class='avia_hidden_link_text'>Zur\u00fcck<\/span><\/a><a href='#next' class='next-slide  avia-svg-icon avia-font-svg_entypo-fontello' data-av_svg_icon='right-open-big' data-av_iconset='svg_entypo-fontello' tabindex='-1' title=\"Weiter\"><svg version=\"1.1\" xmlns=\"http:\/\/www.w3.org\/2000\/svg\" width=\"15\" height=\"32\" viewBox=\"0 0 15 32\" preserveAspectRatio=\"xMidYMid meet\" aria-labelledby='av-svg-title-10' aria-describedby='av-svg-desc-10' role=\"graphics-symbol\" aria-hidden=\"true\">\n<title id='av-svg-title-10'>Weiter<\/title>\n<desc id='av-svg-desc-10'>Weiter<\/desc>\n<path d=\"M0.416 27.84l11.456-11.84-11.456-11.904q-0.832-0.832 0-1.536 0.832-0.832 1.536 0l12.544 12.608q0.768 0.832 0 1.6l-12.544 12.608q-0.704 0.832-1.536 0-0.832-0.704 0-1.536z\"><\/path>\n<\/svg><span class='avia_hidden_link_text'>Weiter<\/span><\/a><\/div><div class='avia-slideshow-dots avia-slideshow-controls'><a href='#1' class='goto-slide active' >1<\/a><a href='#2' class='goto-slide ' >2<\/a><a href='#3' class='goto-slide ' >3<\/a><\/div><\/div><br \/>\n<div  class='avia-slideshow av-lvwoe3oa-a1f1094dd4d5d56c80c9bd661ef24544 avia-slideshow-no scaling av_slideshow avia-slide-slider  avia-builder-el-11  el_after_av_slideshow  el_before_av_textblock  av-desktop-hide av-medium-hide av-slideshow-ui av-control-default av-slideshow-manual av-loop-once av-loop-manual-endless av-default-height-applied avia-slideshow-6' data-slideshow-options=\"{&quot;animation&quot;:&quot;slide&quot;,&quot;autoplay&quot;:false,&quot;loop_autoplay&quot;:&quot;once&quot;,&quot;interval&quot;:5,&quot;loop_manual&quot;:&quot;manual-endless&quot;,&quot;autoplay_stopper&quot;:false,&quot;noNavigation&quot;:false,&quot;bg_slider&quot;:false,&quot;keep_padding&quot;:false,&quot;hoverpause&quot;:false,&quot;show_slide_delay&quot;:0}\"  itemprop=\"image\" itemscope=\"itemscope\" itemtype=\"https:\/\/schema.org\/ImageObject\" ><ul class='avia-slideshow-inner ' style='padding-bottom: 101.230228471%;'><li  class='avia-slideshow-slide av-lvwoe3oa-a1f1094dd4d5d56c80c9bd661ef24544__0  slide-1 slide-odd'><div data-rel='slideshow-6' class='avia-slide-wrap '   ><img decoding=\"async\" fetchpriority=\"high\" class=\"wp-image-5146 avia-img-lazy-loading-not-5146\"  src=\"https:\/\/www.weingut-diwald.at\/wp-content\/uploads\/2024\/05\/Eisenhut-576-x-572.jpg\" width=\"569\" height=\"576\" title='Eisenhut 576 x 572' alt=''  itemprop=\"thumbnailUrl\" srcset=\"https:\/\/www.weingut-diwald.at\/wp-content\/uploads\/2024\/05\/Eisenhut-576-x-572.jpg 569w, https:\/\/www.weingut-diwald.at\/wp-content\/uploads\/2024\/05\/Eisenhut-576-x-572-296x300.jpg 296w, https:\/\/www.weingut-diwald.at\/wp-content\/uploads\/2024\/05\/Eisenhut-576-x-572-80x80.jpg 80w, https:\/\/www.weingut-diwald.at\/wp-content\/uploads\/2024\/05\/Eisenhut-576-x-572-36x36.jpg 36w\" sizes=\"(max-width: 569px) 100vw, 569px\" \/><\/div><\/li><li  class='avia-slideshow-slide av-lvwoe3oa-a1f1094dd4d5d56c80c9bd661ef24544__1  slide-2 slide-even'><div data-rel='slideshow-6' class='avia-slide-wrap '   ><img decoding=\"async\" fetchpriority=\"high\" class=\"wp-image-5157 avia-img-lazy-loading-not-5157\"  src=\"https:\/\/www.weingut-diwald.at\/wp-content\/uploads\/2024\/05\/Faesser-576-x-572-1.jpg\" width=\"572\" height=\"576\" title='F\u00e4sser 576 x 572' alt='F\u00e4sser - Diwald Weine'  itemprop=\"thumbnailUrl\" srcset=\"https:\/\/www.weingut-diwald.at\/wp-content\/uploads\/2024\/05\/Faesser-576-x-572-1.jpg 572w, https:\/\/www.weingut-diwald.at\/wp-content\/uploads\/2024\/05\/Faesser-576-x-572-1-298x300.jpg 298w, https:\/\/www.weingut-diwald.at\/wp-content\/uploads\/2024\/05\/Faesser-576-x-572-1-80x80.jpg 80w, https:\/\/www.weingut-diwald.at\/wp-content\/uploads\/2024\/05\/Faesser-576-x-572-1-36x36.jpg 36w, https:\/\/www.weingut-diwald.at\/wp-content\/uploads\/2024\/05\/Faesser-576-x-572-1-180x180.jpg 180w\" sizes=\"(max-width: 572px) 100vw, 572px\" \/><\/div><\/li><li  class='avia-slideshow-slide av-lvwoe3oa-a1f1094dd4d5d56c80c9bd661ef24544__2  slide-3 slide-odd'><div data-rel='slideshow-6' class='avia-slide-wrap '   ><img decoding=\"async\" fetchpriority=\"high\" class=\"wp-image-5145 avia-img-lazy-loading-not-5145\"  src=\"https:\/\/www.weingut-diwald.at\/wp-content\/uploads\/2024\/05\/Steinzeug-576-x-572.jpg\" width=\"573\" height=\"576\" title='Steinzeug 576 x 572' alt=''  itemprop=\"thumbnailUrl\" srcset=\"https:\/\/www.weingut-diwald.at\/wp-content\/uploads\/2024\/05\/Steinzeug-576-x-572.jpg 573w, https:\/\/www.weingut-diwald.at\/wp-content\/uploads\/2024\/05\/Steinzeug-576-x-572-298x300.jpg 298w, https:\/\/www.weingut-diwald.at\/wp-content\/uploads\/2024\/05\/Steinzeug-576-x-572-80x80.jpg 80w, https:\/\/www.weingut-diwald.at\/wp-content\/uploads\/2024\/05\/Steinzeug-576-x-572-36x36.jpg 36w, https:\/\/www.weingut-diwald.at\/wp-content\/uploads\/2024\/05\/Steinzeug-576-x-572-180x180.jpg 180w\" sizes=\"(max-width: 573px) 100vw, 573px\" \/><\/div><\/li><\/ul><div class='avia-slideshow-arrows avia-slideshow-controls' ><a href='#prev' class='prev-slide  avia-svg-icon avia-font-svg_entypo-fontello' data-av_svg_icon='left-open-big' data-av_iconset='svg_entypo-fontello' tabindex='-1' title=\"Zur\u00fcck\"><svg version=\"1.1\" xmlns=\"http:\/\/www.w3.org\/2000\/svg\" width=\"15\" height=\"32\" viewBox=\"0 0 15 32\" preserveAspectRatio=\"xMidYMid meet\" aria-labelledby='av-svg-title-11' aria-describedby='av-svg-desc-11' role=\"graphics-symbol\" aria-hidden=\"true\">\n<title id='av-svg-title-11'>Zur\u00fcck<\/title>\n<desc id='av-svg-desc-11'>Zur\u00fcck<\/desc>\n<path d=\"M14.464 27.84q0.832 0.832 0 1.536-0.832 0.832-1.536 0l-12.544-12.608q-0.768-0.768 0-1.6l12.544-12.608q0.704-0.832 1.536 0 0.832 0.704 0 1.536l-11.456 11.904z\"><\/path>\n<\/svg><span class='avia_hidden_link_text'>Zur\u00fcck<\/span><\/a><a href='#next' class='next-slide  avia-svg-icon avia-font-svg_entypo-fontello' data-av_svg_icon='right-open-big' data-av_iconset='svg_entypo-fontello' tabindex='-1' title=\"Weiter\"><svg version=\"1.1\" xmlns=\"http:\/\/www.w3.org\/2000\/svg\" width=\"15\" height=\"32\" viewBox=\"0 0 15 32\" preserveAspectRatio=\"xMidYMid meet\" aria-labelledby='av-svg-title-12' aria-describedby='av-svg-desc-12' role=\"graphics-symbol\" aria-hidden=\"true\">\n<title id='av-svg-title-12'>Weiter<\/title>\n<desc id='av-svg-desc-12'>Weiter<\/desc>\n<path d=\"M0.416 27.84l11.456-11.84-11.456-11.904q-0.832-0.832 0-1.536 0.832-0.832 1.536 0l12.544 12.608q0.768 0.832 0 1.6l-12.544 12.608q-0.704 0.832-1.536 0-0.832-0.704 0-1.536z\"><\/path>\n<\/svg><span class='avia_hidden_link_text'>Weiter<\/span><\/a><\/div><div class='avia-slideshow-dots avia-slideshow-controls'><a href='#1' class='goto-slide active' >1<\/a><a href='#2' class='goto-slide ' >2<\/a><a href='#3' class='goto-slide ' >3<\/a><\/div><\/div><br \/>\n<section  class='av_textblock_section av-lvoyvu2o-470554df493835b345385a62cf88442a '   itemscope=\"itemscope\" itemtype=\"https:\/\/schema.org\/CreativeWork\" ><div class='avia_textblock'  itemprop=\"text\" ><h5 style=\"text-align: center;\">\u00bbDer Wagram \u2013 Heimat &#038; Herkunft\u00ab<\/h5>\n<p>Wir haben das Gl\u00fcck, mit und auf gro\u00dfartigen Lagen arbeiten zu d\u00fcrfen, von denen die Rieden Goldberg und Eisenhut gem\u00e4\u00df den Kriterien der \u00d6TW zu \u201eErsten Lagen\u201c z\u00e4hlen. Von den sanften H\u00fcgeln des Wagrams und dem kalkigen L\u00f6ss gepr\u00e4gt, zeigen diese Lagen einen ganz eigenen Charakter, der sich in unverkennbaren, pr\u00e4zisen und langlebigen Weinen widerspiegelt: Nuanciert, eigenst\u00e4ndig und von der Herkunft gepr\u00e4gt. Leichtf\u00fc\u00dfig und elegant. Komplex und voller Leben.<\/p>\n<p>Diesen Stil wollen wir nat\u00fcrlich nicht nur bei den Paradesorten Gr\u00fcner Veltliner und Riesling verwirklichen, sondern auch bei allen anderen Diwald-Weinen. Rarit\u00e4ten wie Fr\u00fchroter Veltliner oder Furmint sind uns ebenso ans Herz gewachsen wie k\u00fchle Rotweine aus Zweigelt oder die Erzeugung von Sekt.<\/p>\n<p>Die Pers\u00f6nlichkeit w\u00e4chst im Weingarten, das steht au\u00dfer Frage. Im Keller l\u00e4sst sich Qualit\u00e4t nur bewahren. Wir ernten unsere Trauben per Hand und verg\u00e4ren die Weine mit den nat\u00fcrlich vorkommenden Hefen. Wir leben ein ehrliches Handwerk und geben uns selbst und unseren Weinen die Freiheit, sich zu entwickeln. Viel Kopf und Gesp\u00fcr, Geduld und Liebe zum Wein, mehr braucht\u00b4s nicht.<\/p>\n<p>Herzlichst, Martin und Ulli Diwald<\/p>\n<\/div><\/section><br \/>\n<div  class='avia-slideshow av-lvoyyn95-4ee2184b18cb889c18416043aaa481c3 avia-slideshow-no scaling av_slideshow avia-slide-slider  avia-builder-el-13  el_after_av_textblock  avia-builder-el-last  av-slideshow-ui av-control-default av-slideshow-manual av-loop-once av-loop-manual-endless av-default-height-applied avia-slideshow-7' data-slideshow-options=\"{&quot;animation&quot;:&quot;slide&quot;,&quot;autoplay&quot;:false,&quot;loop_autoplay&quot;:&quot;once&quot;,&quot;interval&quot;:5,&quot;loop_manual&quot;:&quot;manual-endless&quot;,&quot;autoplay_stopper&quot;:false,&quot;noNavigation&quot;:false,&quot;bg_slider&quot;:false,&quot;keep_padding&quot;:false,&quot;hoverpause&quot;:false,&quot;show_slide_delay&quot;:0}\"  itemprop=\"image\" itemscope=\"itemscope\" itemtype=\"https:\/\/schema.org\/ImageObject\" ><ul class='avia-slideshow-inner ' style='padding-bottom: 57.6%;'><li  class='avia-slideshow-slide av-lvoyyn95-4ee2184b18cb889c18416043aaa481c3__0  slide-1 slide-odd'><div data-rel='slideshow-7' class='avia-slide-wrap '   ><img decoding=\"async\" fetchpriority=\"high\" class=\"wp-image-5201 avia-img-lazy-loading-not-5201\"  src=\"https:\/\/www.weingut-diwald.at\/wp-content\/uploads\/2024\/05\/Bienenfresser-Credit-Josef-Stefan-1000-x-576.png\" width=\"1000\" height=\"576\" title='Bienenfresser - Credit Josef Stefan 1000 x 576' alt=''  itemprop=\"thumbnailUrl\" srcset=\"https:\/\/www.weingut-diwald.at\/wp-content\/uploads\/2024\/05\/Bienenfresser-Credit-Josef-Stefan-1000-x-576.png 1000w, https:\/\/www.weingut-diwald.at\/wp-content\/uploads\/2024\/05\/Bienenfresser-Credit-Josef-Stefan-1000-x-576-300x173.png 300w, https:\/\/www.weingut-diwald.at\/wp-content\/uploads\/2024\/05\/Bienenfresser-Credit-Josef-Stefan-1000-x-576-768x442.png 768w, https:\/\/www.weingut-diwald.at\/wp-content\/uploads\/2024\/05\/Bienenfresser-Credit-Josef-Stefan-1000-x-576-705x406.png 705w\" sizes=\"(max-width: 1000px) 100vw, 1000px\" \/><\/div><\/li><li  class='avia-slideshow-slide av-lvoyyn95-4ee2184b18cb889c18416043aaa481c3__1  slide-2 slide-even'><div data-rel='slideshow-7' class='avia-slide-wrap '   ><img decoding=\"async\" fetchpriority=\"high\" class=\"wp-image-5202 avia-img-lazy-loading-not-5202\"  src=\"https:\/\/www.weingut-diwald.at\/wp-content\/uploads\/2024\/05\/Gottesanbeterin-Credit-Josef-Stefan-1000-x-576.png\" width=\"1000\" height=\"576\" title='Gottesanbeterin Credit Josef Stefan 1000 x 576' alt=''  itemprop=\"thumbnailUrl\" srcset=\"https:\/\/www.weingut-diwald.at\/wp-content\/uploads\/2024\/05\/Gottesanbeterin-Credit-Josef-Stefan-1000-x-576.png 1000w, https:\/\/www.weingut-diwald.at\/wp-content\/uploads\/2024\/05\/Gottesanbeterin-Credit-Josef-Stefan-1000-x-576-300x173.png 300w, https:\/\/www.weingut-diwald.at\/wp-content\/uploads\/2024\/05\/Gottesanbeterin-Credit-Josef-Stefan-1000-x-576-768x442.png 768w, https:\/\/www.weingut-diwald.at\/wp-content\/uploads\/2024\/05\/Gottesanbeterin-Credit-Josef-Stefan-1000-x-576-705x406.png 705w\" sizes=\"(max-width: 1000px) 100vw, 1000px\" \/><\/div><\/li><li  class='avia-slideshow-slide av-lvoyyn95-4ee2184b18cb889c18416043aaa481c3__2  slide-3 slide-odd'><div data-rel='slideshow-7' class='avia-slide-wrap '   ><img decoding=\"async\" fetchpriority=\"high\" class=\"wp-image-5203 avia-img-lazy-loading-not-5203\"  src=\"https:\/\/www.weingut-diwald.at\/wp-content\/uploads\/2024\/05\/Steinkauz-Credit-Josef-Stefan-1000-x-576.png\" width=\"1000\" height=\"576\" title='Steinkauz Credit Josef Stefan 1000 x 576' alt=''  itemprop=\"thumbnailUrl\" srcset=\"https:\/\/www.weingut-diwald.at\/wp-content\/uploads\/2024\/05\/Steinkauz-Credit-Josef-Stefan-1000-x-576.png 1000w, https:\/\/www.weingut-diwald.at\/wp-content\/uploads\/2024\/05\/Steinkauz-Credit-Josef-Stefan-1000-x-576-300x173.png 300w, https:\/\/www.weingut-diwald.at\/wp-content\/uploads\/2024\/05\/Steinkauz-Credit-Josef-Stefan-1000-x-576-768x442.png 768w, https:\/\/www.weingut-diwald.at\/wp-content\/uploads\/2024\/05\/Steinkauz-Credit-Josef-Stefan-1000-x-576-705x406.png 705w\" sizes=\"(max-width: 1000px) 100vw, 1000px\" \/><\/div><\/li><li  class='avia-slideshow-slide av-lvoyyn95-4ee2184b18cb889c18416043aaa481c3__3  slide-4 slide-even'><div data-rel='slideshow-7' class='avia-slide-wrap '   ><img decoding=\"async\" fetchpriority=\"high\" class=\"wp-image-5205 avia-img-lazy-loading-not-5205\"  src=\"https:\/\/www.weingut-diwald.at\/wp-content\/uploads\/2024\/05\/Wiedehopf-Credit-Josef-Stefan-1000-x-576.png\" width=\"1000\" height=\"576\" title='Wiedehopf Credit Josef Stefan 1000 x 576' alt=''  itemprop=\"thumbnailUrl\" srcset=\"https:\/\/www.weingut-diwald.at\/wp-content\/uploads\/2024\/05\/Wiedehopf-Credit-Josef-Stefan-1000-x-576.png 1000w, https:\/\/www.weingut-diwald.at\/wp-content\/uploads\/2024\/05\/Wiedehopf-Credit-Josef-Stefan-1000-x-576-300x173.png 300w, https:\/\/www.weingut-diwald.at\/wp-content\/uploads\/2024\/05\/Wiedehopf-Credit-Josef-Stefan-1000-x-576-768x442.png 768w, https:\/\/www.weingut-diwald.at\/wp-content\/uploads\/2024\/05\/Wiedehopf-Credit-Josef-Stefan-1000-x-576-705x406.png 705w\" sizes=\"(max-width: 1000px) 100vw, 1000px\" \/><\/div><\/li><li  class='avia-slideshow-slide av-lvoyyn95-4ee2184b18cb889c18416043aaa481c3__4  slide-5 slide-odd'><div data-rel='slideshow-7' class='avia-slide-wrap '   ><img decoding=\"async\" fetchpriority=\"high\" class=\"wp-image-5206 avia-img-lazy-loading-not-5206\"  src=\"https:\/\/www.weingut-diwald.at\/wp-content\/uploads\/2024\/05\/Ziesel-Credit-Josef-Stefan-1000-x-576.png\" width=\"1000\" height=\"576\" title='Ziesel Credit Josef Stefan 1000 x 576' alt=''  itemprop=\"thumbnailUrl\" srcset=\"https:\/\/www.weingut-diwald.at\/wp-content\/uploads\/2024\/05\/Ziesel-Credit-Josef-Stefan-1000-x-576.png 1000w, https:\/\/www.weingut-diwald.at\/wp-content\/uploads\/2024\/05\/Ziesel-Credit-Josef-Stefan-1000-x-576-300x173.png 300w, https:\/\/www.weingut-diwald.at\/wp-content\/uploads\/2024\/05\/Ziesel-Credit-Josef-Stefan-1000-x-576-768x442.png 768w, https:\/\/www.weingut-diwald.at\/wp-content\/uploads\/2024\/05\/Ziesel-Credit-Josef-Stefan-1000-x-576-705x406.png 705w\" sizes=\"(max-width: 1000px) 100vw, 1000px\" \/><\/div><\/li><\/ul><div class='avia-slideshow-arrows avia-slideshow-controls' ><a href='#prev' class='prev-slide  avia-svg-icon avia-font-svg_entypo-fontello' data-av_svg_icon='left-open-big' data-av_iconset='svg_entypo-fontello' tabindex='-1' title=\"Zur\u00fcck\"><svg version=\"1.1\" xmlns=\"http:\/\/www.w3.org\/2000\/svg\" width=\"15\" height=\"32\" viewBox=\"0 0 15 32\" preserveAspectRatio=\"xMidYMid meet\" aria-labelledby='av-svg-title-13' aria-describedby='av-svg-desc-13' role=\"graphics-symbol\" aria-hidden=\"true\">\n<title id='av-svg-title-13'>Zur\u00fcck<\/title>\n<desc id='av-svg-desc-13'>Zur\u00fcck<\/desc>\n<path d=\"M14.464 27.84q0.832 0.832 0 1.536-0.832 0.832-1.536 0l-12.544-12.608q-0.768-0.768 0-1.6l12.544-12.608q0.704-0.832 1.536 0 0.832 0.704 0 1.536l-11.456 11.904z\"><\/path>\n<\/svg><span class='avia_hidden_link_text'>Zur\u00fcck<\/span><\/a><a href='#next' class='next-slide  avia-svg-icon avia-font-svg_entypo-fontello' data-av_svg_icon='right-open-big' data-av_iconset='svg_entypo-fontello' tabindex='-1' title=\"Weiter\"><svg version=\"1.1\" xmlns=\"http:\/\/www.w3.org\/2000\/svg\" width=\"15\" height=\"32\" viewBox=\"0 0 15 32\" preserveAspectRatio=\"xMidYMid meet\" aria-labelledby='av-svg-title-14' aria-describedby='av-svg-desc-14' role=\"graphics-symbol\" aria-hidden=\"true\">\n<title id='av-svg-title-14'>Weiter<\/title>\n<desc id='av-svg-desc-14'>Weiter<\/desc>\n<path d=\"M0.416 27.84l11.456-11.84-11.456-11.904q-0.832-0.832 0-1.536 0.832-0.832 1.536 0l12.544 12.608q0.768 0.832 0 1.6l-12.544 12.608q-0.704 0.832-1.536 0-0.832-0.704 0-1.536z\"><\/path>\n<\/svg><span class='avia_hidden_link_text'>Weiter<\/span><\/a><\/div><div class='avia-slideshow-dots avia-slideshow-controls'><a href='#1' class='goto-slide active' >1<\/a><a href='#2' class='goto-slide ' >2<\/a><a href='#3' class='goto-slide ' >3<\/a><a href='#4' class='goto-slide ' >4<\/a><a href='#5' class='goto-slide ' >5<\/a><\/div><\/div><\/p><\/div><\/p>\n<div  class='hr av-33h9xy-d65ed103dab3f6561125632832efa7dc hr-default  avia-builder-el-14  el_after_av_one_full  el_before_av_video '><span class='hr-inner '><span class=\"hr-inner-style\"><\/span><\/span><\/div>\n<div  class='avia-video av-kye5mobf-f11bcbfb593c9e55ccba2128a2b8f285 avia-video-16-9 av-no-preview-image avia-video-load-always avia-video-html5'  itemprop=\"video\" itemtype=\"https:\/\/schema.org\/VideoObject\"  data-original_url='https:\/\/www.weingut-diwald.at\/wp-content\/uploads\/2021\/02\/Diwald_Master_EN-Breitband-komprimiert.mp4'><video class='avia_video'    preload=\"auto\"  controls id='player_3414_724373814_856755234'><source src='https:\/\/www.weingut-diwald.at\/wp-content\/uploads\/2021\/02\/Diwald_Master_EN-Breitband-komprimiert.mp4' type='video\/mp4' \/><\/video><\/div>\n\n<style type=\"text\/css\" data-created_by=\"avia_inline_auto\" id=\"style-css-av-kye5qgo5-8635d70bdc3154caf5ff58e5f34f6708\">\n.avia-image-container.av-kye5qgo5-8635d70bdc3154caf5ff58e5f34f6708 img.avia_image{\nbox-shadow:none;\n}\n.avia-image-container.av-kye5qgo5-8635d70bdc3154caf5ff58e5f34f6708 .av-image-caption-overlay-center{\ncolor:#ffffff;\n}\n<\/style>\n<div  class='avia-image-container av-kye5qgo5-8635d70bdc3154caf5ff58e5f34f6708 av-styling- avia-align-center  avia-builder-el-16  el_after_av_video  avia-builder-el-last '   itemprop=\"image\" itemscope=\"itemscope\" itemtype=\"https:\/\/schema.org\/ImageObject\" ><div class=\"avia-image-container-inner\"><div class=\"avia-image-overlay-wrap\"><img decoding=\"async\" fetchpriority=\"high\" class='wp-image-5234 avia-img-lazy-loading-not-5234 avia_image ' src=\"https:\/\/www.weingut-diwald.at\/wp-content\/uploads\/2024\/05\/Bioweingut_Diwald_Flaschen_vier_Stueck_2024_zentriert-1.png\" alt='' title='Bioweingut_Diwald_Flaschen_vier_Stueck_2024_zentriert'  height=\"574\" width=\"1000\"  itemprop=\"thumbnailUrl\" srcset=\"https:\/\/www.weingut-diwald.at\/wp-content\/uploads\/2024\/05\/Bioweingut_Diwald_Flaschen_vier_Stueck_2024_zentriert-1.png 1000w, https:\/\/www.weingut-diwald.at\/wp-content\/uploads\/2024\/05\/Bioweingut_Diwald_Flaschen_vier_Stueck_2024_zentriert-1-300x172.png 300w, https:\/\/www.weingut-diwald.at\/wp-content\/uploads\/2024\/05\/Bioweingut_Diwald_Flaschen_vier_Stueck_2024_zentriert-1-768x441.png 768w, https:\/\/www.weingut-diwald.at\/wp-content\/uploads\/2024\/05\/Bioweingut_Diwald_Flaschen_vier_Stueck_2024_zentriert-1-705x405.png 705w\" sizes=\"(max-width: 1000px) 100vw, 1000px\" \/><\/div><\/div><\/div>\n","protected":false},"excerpt":{"rendered":"","protected":false},"author":1,"featured_media":0,"parent":0,"menu_order":0,"comment_status":"closed","ping_status":"closed","template":"","meta":{"footnotes":""},"class_list":["post-3414","page","type-page","status-publish","hentry"],"yoast_head":"<!-- This site is optimized with the Yoast SEO plugin v27.0 - https:\/\/yoast.com\/product\/yoast-seo-wordpress\/ -->\n<title>Martin &amp; Ulli Diwald Weingut: Regionaler Bio Wein - Weingut Martin &amp; Ulli Diwald<\/title>\n<meta name=\"description\" content=\"Willkommen beim Weingut Martin &amp; Ulli Diwald \u2013 Erleben Sie die Vielfalt und Qualit\u00e4t unserer Weine direkt vom Winzer\" \/>\n<meta name=\"robots\" content=\"index, follow, max-snippet:-1, max-image-preview:large, max-video-preview:-1\" \/>\n<link rel=\"canonical\" href=\"https:\/\/www.weingut-diwald.at\/de\/home\/\" \/>\n<meta property=\"og:locale\" content=\"de_DE\" \/>\n<meta property=\"og:type\" content=\"article\" \/>\n<meta property=\"og:title\" content=\"Martin &amp; Ulli Diwald Weingut: Regionaler Bio Wein - Weingut Martin &amp; Ulli Diwald\" \/>\n<meta property=\"og:description\" content=\"Willkommen beim Weingut Martin &amp; Ulli Diwald \u2013 Erleben Sie die Vielfalt und Qualit\u00e4t unserer Weine direkt vom Winzer\" \/>\n<meta property=\"og:url\" content=\"https:\/\/www.weingut-diwald.at\/de\/home\/\" \/>\n<meta property=\"og:site_name\" content=\"Weingut Martin &amp; Ulli Diwald\" \/>\n<meta property=\"article:publisher\" content=\"https:\/\/www.facebook.com\/diwald.at\/\" \/>\n<meta property=\"article:modified_time\" content=\"2026-02-24T13:43:37+00:00\" \/>\n<meta property=\"og:image\" content=\"https:\/\/www.weingut-diwald.at\/wp-content\/uploads\/2015\/12\/Bioweingut_Diwald_Weinberg.jpg\" \/>\n\t<meta property=\"og:image:width\" content=\"1000\" \/>\n\t<meta property=\"og:image:height\" content=\"576\" \/>\n\t<meta property=\"og:image:type\" content=\"image\/jpeg\" \/>\n<meta name=\"twitter:card\" content=\"summary_large_image\" \/>\n<meta name=\"twitter:label1\" content=\"Gesch\u00e4tzte Lesezeit\" \/>\n\t<meta name=\"twitter:data1\" content=\"10\u00a0Minuten\" \/>\n<script type=\"application\/ld+json\" class=\"yoast-schema-graph\">{\"@context\":\"https:\/\/schema.org\",\"@graph\":[{\"@type\":\"WebPage\",\"@id\":\"https:\/\/www.weingut-diwald.at\/de\/home\/\",\"url\":\"https:\/\/www.weingut-diwald.at\/de\/home\/\",\"name\":\"Martin & Ulli Diwald Weingut: Regionaler Bio Wein - Weingut Martin &amp; Ulli Diwald\",\"isPartOf\":{\"@id\":\"https:\/\/www.weingut-diwald.at\/de\/home\/#website\"},\"datePublished\":\"2016-01-21T13:28:44+00:00\",\"dateModified\":\"2026-02-24T13:43:37+00:00\",\"description\":\"Willkommen beim Weingut Martin & Ulli Diwald \u2013 Erleben Sie die Vielfalt und Qualit\u00e4t unserer Weine direkt vom Winzer\",\"breadcrumb\":{\"@id\":\"https:\/\/www.weingut-diwald.at\/de\/home\/#breadcrumb\"},\"inLanguage\":\"de\",\"potentialAction\":[{\"@type\":\"ReadAction\",\"target\":[\"https:\/\/www.weingut-diwald.at\/de\/home\/\"]}]},{\"@type\":\"BreadcrumbList\",\"@id\":\"https:\/\/www.weingut-diwald.at\/de\/home\/#breadcrumb\",\"itemListElement\":[{\"@type\":\"ListItem\",\"position\":1,\"name\":\"Start\",\"item\":\"https:\/\/www.weingut-diwald.at\/de\/home\/\"},{\"@type\":\"ListItem\",\"position\":2,\"name\":\"Martin &#038; Ulli Diwald\"}]},{\"@type\":\"WebSite\",\"@id\":\"https:\/\/www.weingut-diwald.at\/de\/home\/#website\",\"url\":\"https:\/\/www.weingut-diwald.at\/de\/home\/\",\"name\":\"Weingut Martin & Ulli Diwald\",\"description\":\"Biologischer Weinbau seit 1976\",\"publisher\":{\"@id\":\"https:\/\/www.weingut-diwald.at\/de\/home\/#organization\"},\"potentialAction\":[{\"@type\":\"SearchAction\",\"target\":{\"@type\":\"EntryPoint\",\"urlTemplate\":\"https:\/\/www.weingut-diwald.at\/de\/home\/?s={search_term_string}\"},\"query-input\":{\"@type\":\"PropertyValueSpecification\",\"valueRequired\":true,\"valueName\":\"search_term_string\"}}],\"inLanguage\":\"de\"},{\"@type\":\"Organization\",\"@id\":\"https:\/\/www.weingut-diwald.at\/de\/home\/#organization\",\"name\":\"Weingut Martin & Ulli Diwald\",\"url\":\"https:\/\/www.weingut-diwald.at\/de\/home\/\",\"logo\":{\"@type\":\"ImageObject\",\"inLanguage\":\"de\",\"@id\":\"https:\/\/www.weingut-diwald.at\/de\/home\/#\/schema\/logo\/image\/\",\"url\":\"https:\/\/www.weingut-diwald.at\/wp-content\/uploads\/2015\/12\/Diwald_Logo_Enfold.jpg\",\"contentUrl\":\"https:\/\/www.weingut-diwald.at\/wp-content\/uploads\/2015\/12\/Diwald_Logo_Enfold.jpg\",\"width\":257,\"height\":156,\"caption\":\"Weingut Martin & Ulli Diwald\"},\"image\":{\"@id\":\"https:\/\/www.weingut-diwald.at\/de\/home\/#\/schema\/logo\/image\/\"},\"sameAs\":[\"https:\/\/www.facebook.com\/diwald.at\/\",\"https:\/\/www.instagram.com\/diwald.at\/\"]}]}<\/script>\n<!-- \/ Yoast SEO plugin. -->","yoast_head_json":{"title":"Martin & Ulli Diwald Weingut: Regionaler Bio Wein - Weingut Martin &amp; Ulli Diwald","description":"Willkommen beim Weingut Martin & Ulli Diwald \u2013 Erleben Sie die Vielfalt und Qualit\u00e4t unserer Weine direkt vom Winzer","robots":{"index":"index","follow":"follow","max-snippet":"max-snippet:-1","max-image-preview":"max-image-preview:large","max-video-preview":"max-video-preview:-1"},"canonical":"https:\/\/www.weingut-diwald.at\/de\/home\/","og_locale":"de_DE","og_type":"article","og_title":"Martin & Ulli Diwald Weingut: Regionaler Bio Wein - Weingut Martin &amp; Ulli Diwald","og_description":"Willkommen beim Weingut Martin & Ulli Diwald \u2013 Erleben Sie die Vielfalt und Qualit\u00e4t unserer Weine direkt vom Winzer","og_url":"https:\/\/www.weingut-diwald.at\/de\/home\/","og_site_name":"Weingut Martin &amp; Ulli Diwald","article_publisher":"https:\/\/www.facebook.com\/diwald.at\/","article_modified_time":"2026-02-24T13:43:37+00:00","og_image":[{"width":1000,"height":576,"url":"https:\/\/www.weingut-diwald.at\/wp-content\/uploads\/2015\/12\/Bioweingut_Diwald_Weinberg.jpg","type":"image\/jpeg"}],"twitter_card":"summary_large_image","twitter_misc":{"Gesch\u00e4tzte Lesezeit":"10\u00a0Minuten"},"schema":{"@context":"https:\/\/schema.org","@graph":[{"@type":"WebPage","@id":"https:\/\/www.weingut-diwald.at\/de\/home\/","url":"https:\/\/www.weingut-diwald.at\/de\/home\/","name":"Martin & Ulli Diwald Weingut: Regionaler Bio Wein - Weingut Martin &amp; Ulli Diwald","isPartOf":{"@id":"https:\/\/www.weingut-diwald.at\/de\/home\/#website"},"datePublished":"2016-01-21T13:28:44+00:00","dateModified":"2026-02-24T13:43:37+00:00","description":"Willkommen beim Weingut Martin & Ulli Diwald \u2013 Erleben Sie die Vielfalt und Qualit\u00e4t unserer Weine direkt vom Winzer","breadcrumb":{"@id":"https:\/\/www.weingut-diwald.at\/de\/home\/#breadcrumb"},"inLanguage":"de","potentialAction":[{"@type":"ReadAction","target":["https:\/\/www.weingut-diwald.at\/de\/home\/"]}]},{"@type":"BreadcrumbList","@id":"https:\/\/www.weingut-diwald.at\/de\/home\/#breadcrumb","itemListElement":[{"@type":"ListItem","position":1,"name":"Start","item":"https:\/\/www.weingut-diwald.at\/de\/home\/"},{"@type":"ListItem","position":2,"name":"Martin &#038; Ulli Diwald"}]},{"@type":"WebSite","@id":"https:\/\/www.weingut-diwald.at\/de\/home\/#website","url":"https:\/\/www.weingut-diwald.at\/de\/home\/","name":"Weingut Martin & Ulli Diwald","description":"Biologischer Weinbau seit 1976","publisher":{"@id":"https:\/\/www.weingut-diwald.at\/de\/home\/#organization"},"potentialAction":[{"@type":"SearchAction","target":{"@type":"EntryPoint","urlTemplate":"https:\/\/www.weingut-diwald.at\/de\/home\/?s={search_term_string}"},"query-input":{"@type":"PropertyValueSpecification","valueRequired":true,"valueName":"search_term_string"}}],"inLanguage":"de"},{"@type":"Organization","@id":"https:\/\/www.weingut-diwald.at\/de\/home\/#organization","name":"Weingut Martin & Ulli Diwald","url":"https:\/\/www.weingut-diwald.at\/de\/home\/","logo":{"@type":"ImageObject","inLanguage":"de","@id":"https:\/\/www.weingut-diwald.at\/de\/home\/#\/schema\/logo\/image\/","url":"https:\/\/www.weingut-diwald.at\/wp-content\/uploads\/2015\/12\/Diwald_Logo_Enfold.jpg","contentUrl":"https:\/\/www.weingut-diwald.at\/wp-content\/uploads\/2015\/12\/Diwald_Logo_Enfold.jpg","width":257,"height":156,"caption":"Weingut Martin & Ulli Diwald"},"image":{"@id":"https:\/\/www.weingut-diwald.at\/de\/home\/#\/schema\/logo\/image\/"},"sameAs":["https:\/\/www.facebook.com\/diwald.at\/","https:\/\/www.instagram.com\/diwald.at\/"]}]}},"_links":{"self":[{"href":"https:\/\/www.weingut-diwald.at\/de\/home\/wp-json\/wp\/v2\/pages\/3414","targetHints":{"allow":["GET"]}}],"collection":[{"href":"https:\/\/www.weingut-diwald.at\/de\/home\/wp-json\/wp\/v2\/pages"}],"about":[{"href":"https:\/\/www.weingut-diwald.at\/de\/home\/wp-json\/wp\/v2\/types\/page"}],"author":[{"embeddable":true,"href":"https:\/\/www.weingut-diwald.at\/de\/home\/wp-json\/wp\/v2\/users\/1"}],"replies":[{"embeddable":true,"href":"https:\/\/www.weingut-diwald.at\/de\/home\/wp-json\/wp\/v2\/comments?post=3414"}],"version-history":[{"count":195,"href":"https:\/\/www.weingut-diwald.at\/de\/home\/wp-json\/wp\/v2\/pages\/3414\/revisions"}],"predecessor-version":[{"id":5488,"href":"https:\/\/www.weingut-diwald.at\/de\/home\/wp-json\/wp\/v2\/pages\/3414\/revisions\/5488"}],"wp:attachment":[{"href":"https:\/\/www.weingut-diwald.at\/de\/home\/wp-json\/wp\/v2\/media?parent=3414"}],"curies":[{"name":"wp","href":"https:\/\/api.w.org\/{rel}","templated":true}]}}